{"id":60,"date":"2013-08-21T16:27:47","date_gmt":"2013-08-21T15:27:47","guid":{"rendered":"http:\/\/www.cnra.sn\/do\/?page_id=60"},"modified":"2013-11-05T19:15:56","modified_gmt":"2013-11-05T18:15:56","slug":"publications","status":"publish","type":"page","link":"https:\/\/www.cnra.sn\/do\/publications\/","title":{"rendered":"Publications"},"content":{"rendered":"<ul style=\"list-style-type: square;\">\n<li>\n<h2><strong> Avis Trimestriels <\/strong><\/h2>\n<\/li>\n<\/ul>\n<div class=\"grid-row clearfix kc-elm\">\t<article class=\"newsplus entry-grid col2 first-grid post-1378 post type-post status-publish format-standard hentry category-avis-trimestriels category-non-classe category-publications\">\r\n\t\t<div class=\"entry-content\"><aside class=\"meta-row cat-row\"><div class=\"meta-col\"><ul class=\"post-categories\"><li><a href=\"https:\/\/www.cnra.sn\/do\/category\/avis-trimestriels\/\">Avis trimestriels<\/a><\/li><li><a href=\"https:\/\/www.cnra.sn\/do\/category\/non-classe\/\">Non class\u00e9<\/a><\/li><li class=\"submenu-parent\"><a class=\"cat-toggle\" href=\"#\">+ 1 plus<\/a><ul class=\"cat-sub submenu\"><li><a href=\"https:\/\/www.cnra.sn\/do\/category\/publications\/\">Publications<\/a><\/li><\/ul><\/li><\/ul><\/div><\/aside><h2 class=\"entry-title\"><a href=\"https:\/\/www.cnra.sn\/do\/avis-trimestriel-avril-mai-juin-2018\/\" title=\"AVIS TRIMESTRIEL (Avril-Mai-Juin  2018)\">AVIS TRIMESTRIEL (Avril-Mai-Juin  2018)<\/a><\/h2><p class=\"post-excerpt fs-\">L\u2019\u00e9clatement irr\u00e9versible des modes de consommation des contenus m\u00e9dias, encore appel\u00e9 la d\u00e9lin\u00e9arisation, permet aujourd\u2019hui au&hellip;<\/p><aside class=\"meta-row row-3\"><div class=\"meta-col col-60\"><ul class=\"entry-meta\"><li class=\"post-time\"><span class=\"published-label\">Publi\u00e9: <\/span><span class=\"posted-on\"><time class=\"entry-date\" datetime=\"2018-08-10T22:18:59+01:00\">10 ao\u00fbt 2018<span class=\"sep time-sep\"><\/span><span class=\"publish-time\">22 h 18 min<\/span><\/time><\/span><\/li><li class=\"post-author\"><span class=\"screen-reader-text\">Auteur <\/span><a href=\"https:\/\/www.cnra.sn\/do\/author\/admin\/\">admin<\/a><\/li><\/ul><\/div><div class=\"meta-col col-40 text-right\"><span class=\"post-views\">2280<\/span><\/div><\/aside><\/div>\r\n\t<\/article><!-- #post-1378 -->\r\n\r\n\t\t<article class=\"newsplus entry-grid col2 last-grid post-1361 post type-post status-publish format-standard hentry category-avis-trimestriels category-communiques-de-presse category-publications\">\r\n\t\t<div class=\"entry-content\"><aside class=\"meta-row cat-row\"><div class=\"meta-col\"><ul class=\"post-categories\"><li><a href=\"https:\/\/www.cnra.sn\/do\/category\/avis-trimestriels\/\">Avis trimestriels<\/a><\/li><li><a href=\"https:\/\/www.cnra.sn\/do\/category\/communiques-de-presse\/\">Communiqu\u00e9s de presse<\/a><\/li><li class=\"submenu-parent\"><a class=\"cat-toggle\" href=\"#\">+ 1 plus<\/a><ul class=\"cat-sub submenu\"><li><a href=\"https:\/\/www.cnra.sn\/do\/category\/publications\/\">Publications<\/a><\/li><\/ul><\/li><\/ul><\/div><\/aside><h2 class=\"entry-title\"><a href=\"https:\/\/www.cnra.sn\/do\/avis-trimestriel-n004-2017-octobre-novembre-decembre-2017\/\" title=\"AVIS TRIMESTRIEL N\u00b0004-2017 (Octobre-novembre-d\u00e9cembre  2017)\">AVIS TRIMESTRIEL N\u00b0004-2017 (Octobre-novembre-d\u00e9cembre  2017)<\/a><\/h2><p class=\"post-excerpt fs-\">Les m\u00e9dias jouent un r\u00f4le important dans la socialisation des populations, en\u00a0 fa\u00e7onnant activement les images et les id\u00e9es parties&hellip;<\/p><aside class=\"meta-row row-3\"><div class=\"meta-col col-60\"><ul class=\"entry-meta\"><li class=\"post-time\"><span class=\"published-label\">Publi\u00e9: <\/span><span class=\"posted-on\"><time class=\"entry-date\" datetime=\"2018-01-09T11:18:32+01:00\">9 janvier 2018<span class=\"sep time-sep\"><\/span><span class=\"publish-time\">11 h 18 min<\/span><\/time><\/span><\/li><li class=\"post-author\"><span class=\"screen-reader-text\">Auteur <\/span><a href=\"https:\/\/www.cnra.sn\/do\/author\/admin\/\">admin<\/a><\/li><\/ul><\/div><div class=\"meta-col col-40 text-right\"><span class=\"post-views\">1451<\/span><\/div><\/aside><\/div>\r\n\t<\/article><!-- #post-1361 -->\r\n\r\n\t\t<article class=\"newsplus entry-grid col2 first-grid post-1288 post type-post status-publish format-standard has-post-thumbnail hentry category-avis-trimestriels category-publications category-article\">\r\n\t\t<div class=\"post-thumb\"><a href=\"https:\/\/www.cnra.sn\/do\/avis-trimestriel-octobre-novembre-decembre-2016\/\" title=\"AVIS TRIMESTRIEL (Octobre, novembre, d\u00e9cembre 2016)\"><img src=\"https:\/\/www.cnra.sn\/do\/wp-content\/uploads\/bfi_thumb\/pavet_avis_Trimest_4_CNRA-6f60xoskhohx82rtst5r9h9ndp2j6qjjyzb9717o9cg.png\" class=\"attachment-post-thumbnail wp-post-image\" alt=\"pavet_avis_Trimest_4_CNRA.png\"><\/a><\/div><div class=\"entry-content\"><aside class=\"meta-row cat-row\"><div class=\"meta-col\"><ul class=\"post-categories\"><li><a href=\"https:\/\/www.cnra.sn\/do\/category\/avis-trimestriels\/\">Avis trimestriels<\/a><\/li><li><a href=\"https:\/\/www.cnra.sn\/do\/category\/publications\/\">Publications<\/a><\/li><li class=\"submenu-parent\"><a class=\"cat-toggle\" href=\"#\">+ 1 plus<\/a><ul class=\"cat-sub submenu\"><li><a href=\"https:\/\/www.cnra.sn\/do\/category\/article\/\">Publication_cnra<\/a><\/li><\/ul><\/li><\/ul><\/div><\/aside><h2 class=\"entry-title\"><a href=\"https:\/\/www.cnra.sn\/do\/avis-trimestriel-octobre-novembre-decembre-2016\/\" title=\"AVIS TRIMESTRIEL (Octobre, novembre, d\u00e9cembre 2016)\">AVIS TRIMESTRIEL (Octobre, novembre, d\u00e9cembre 2016)<\/a><\/h2><p class=\"post-excerpt fs-\">Dakar,\u00a0 le 09 f\u00e9vrier 2017 Les m\u00e9dias remplissent plusieurs fonctions de nature cognitive et socio-affective, dans une \u00ab soci\u00e9t\u00e9 de&hellip;<\/p><aside class=\"meta-row row-3\"><div class=\"meta-col col-60\"><ul class=\"entry-meta\"><li class=\"post-time\"><span class=\"published-label\">Publi\u00e9: <\/span><span class=\"posted-on\"><time class=\"entry-date\" datetime=\"2017-02-09T16:53:28+01:00\">9 f\u00e9vrier 2017<span class=\"sep time-sep\"><\/span><span class=\"publish-time\">16 h 53 min<\/span><\/time><\/span><\/li><li class=\"post-author\"><span class=\"screen-reader-text\">Auteur <\/span><a href=\"https:\/\/www.cnra.sn\/do\/author\/admin\/\">admin<\/a><\/li><\/ul><\/div><div class=\"meta-col col-40 text-right\"><span class=\"post-views\">1811<\/span><\/div><\/aside><\/div>\r\n\t<\/article><!-- #post-1288 -->\r\n\r\n\t\t<article class=\"newsplus entry-grid col2 last-grid post-1249 post type-post status-publish format-standard has-post-thumbnail hentry category-avis-trimestriels category-publications\">\r\n\t\t<div class=\"post-thumb\"><a href=\"https:\/\/www.cnra.sn\/do\/avis-trimestriel-juillet-aout-septembre-2016-n0032016\/\" title=\"AVIS TRIMESTRIEL (Juillet, ao\u00fbt, septembre 2016) N\u00b0003\/2016\"><img src=\"https:\/\/www.cnra.sn\/do\/wp-content\/uploads\/bfi_thumb\/pavet_avis_Trimestriel_N3_2016-6dvrk2srwc6veomke258lvbo3ewcorx34torgy92jio.png\" class=\"attachment-post-thumbnail wp-post-image\" alt=\"pavet_avis_Trimestriel_N3_2016.png\"><\/a><\/div><div class=\"entry-content\"><aside class=\"meta-row cat-row\"><div class=\"meta-col\"><ul class=\"post-categories\"><li><a href=\"https:\/\/www.cnra.sn\/do\/category\/avis-trimestriels\/\">Avis trimestriels<\/a><\/li><li><a href=\"https:\/\/www.cnra.sn\/do\/category\/publications\/\">Publications<\/a><\/li><\/ul><\/div><\/aside><h2 class=\"entry-title\"><a href=\"https:\/\/www.cnra.sn\/do\/avis-trimestriel-juillet-aout-septembre-2016-n0032016\/\" title=\"AVIS TRIMESTRIEL (Juillet, ao\u00fbt, septembre 2016) N\u00b0003\/2016\">AVIS TRIMESTRIEL (Juillet, ao\u00fbt, septembre 2016) N\u00b0003\/2016<\/a><\/h2><p class=\"post-excerpt fs-\">Du num\u00e9rique, des valeurs et de la diversit\u00e9 &nbsp; L\u2019av\u00e8nement du num\u00e9rique expose irr\u00e9m\u00e9diablement les populations \u00e0 des usages&hellip;<\/p><aside class=\"meta-row row-3\"><div class=\"meta-col col-60\"><ul class=\"entry-meta\"><li class=\"post-time\"><span class=\"published-label\">Publi\u00e9: <\/span><span class=\"posted-on\"><time class=\"entry-date\" datetime=\"2016-11-10T17:42:23+01:00\">10 novembre 2016<span class=\"sep time-sep\"><\/span><span class=\"publish-time\">17 h 42 min<\/span><\/time><\/span><\/li><li class=\"post-author\"><span class=\"screen-reader-text\">Auteur <\/span><a href=\"https:\/\/www.cnra.sn\/do\/author\/admin\/\">admin<\/a><\/li><\/ul><\/div><div class=\"meta-col col-40 text-right\"><span class=\"post-views\">1665<\/span><\/div><\/aside><\/div>\r\n\t<\/article><!-- #post-1249 -->\r\n\r\n\t\t<article class=\"newsplus entry-grid col2 first-grid post-1227 post type-post status-publish format-standard hentry category-avis-trimestriels category-publications category-article\">\r\n\t\t<div class=\"entry-content\"><aside class=\"meta-row cat-row\"><div class=\"meta-col\"><ul class=\"post-categories\"><li><a href=\"https:\/\/www.cnra.sn\/do\/category\/avis-trimestriels\/\">Avis trimestriels<\/a><\/li><li><a href=\"https:\/\/www.cnra.sn\/do\/category\/publications\/\">Publications<\/a><\/li><li class=\"submenu-parent\"><a class=\"cat-toggle\" href=\"#\">+ 1 plus<\/a><ul class=\"cat-sub submenu\"><li><a href=\"https:\/\/www.cnra.sn\/do\/category\/article\/\">Publication_cnra<\/a><\/li><\/ul><\/li><\/ul><\/div><\/aside><h2 class=\"entry-title\"><a href=\"https:\/\/www.cnra.sn\/do\/avis-trimestriel-avril-mai-juin-2016\/\" title=\"Avis Trimestriel (Avril, mai, juin 2016)\">Avis Trimestriel (Avril, mai, juin 2016)<\/a><\/h2><p class=\"post-excerpt fs-\">Le Conseil National de R\u00e9gulation de l\u2019Audiovisuel souligne l\u2019importance de la libert\u00e9 d&rsquo;expression, en particulier dans le&hellip;<\/p><aside class=\"meta-row row-3\"><div class=\"meta-col col-60\"><ul class=\"entry-meta\"><li class=\"post-time\"><span class=\"published-label\">Publi\u00e9: <\/span><span class=\"posted-on\"><time class=\"entry-date\" datetime=\"2016-08-05T10:57:58+01:00\">5 ao\u00fbt 2016<span class=\"sep time-sep\"><\/span><span class=\"publish-time\">10 h 57 min<\/span><\/time><\/span><\/li><li class=\"post-author\"><span class=\"screen-reader-text\">Auteur <\/span><a href=\"https:\/\/www.cnra.sn\/do\/author\/admin\/\">admin<\/a><\/li><\/ul><\/div><div class=\"meta-col col-40 text-right\"><span class=\"post-views\">1121<\/span><\/div><\/aside><\/div>\r\n\t<\/article><!-- #post-1227 -->\r\n\r\n\t<\/div>\n<ul style=\"list-style-type: square;\">\n<li>\n<h2><strong>Rapport d&rsquo;activit\u00e9s<\/strong><\/h2>\n<\/li>\n<\/ul>\n<p class=\"none\">En application de<strong> l&rsquo;article 13 la loi n\u00b0 2006-04 du 04 janvier 2006<\/strong> portant cr\u00e9a\u00adtion du CNRA, article au terme duquel le CNRA produit un rapport sur ses activit\u00e9s au cours de l&rsquo;ann\u00e9e \u00e9coul\u00e9e, le pr\u00e9sent rapport dresse l&rsquo;essentiel des activit\u00e9s de l&rsquo;Organe de r\u00e9gulation chaque ann\u00e9e durant son exercice.<\/p>\n<div class=\"grid-row clearfix kc-elm\">\t<article class=\"newsplus entry-grid col2 first-grid post-1520 post type-post status-publish format-standard has-post-thumbnail hentry category-communiques-de-presse category-annuel\">\r\n\t\t<div class=\"post-thumb\"><a href=\"https:\/\/www.cnra.sn\/do\/le-cnra-et-le-renforcement-des-professionnels-de-la-communication-sociale\/\" title=\"Le CNRA et le renforcement des professionnels de la Communication sociale\"><img src=\"https:\/\/www.cnra.sn\/do\/wp-content\/uploads\/bfi_thumb\/Pavet_publications_com_sociale-6zupj9vezxfgtdh3g6khpbqxukjlyvl5ul3da35z780.png\" class=\"attachment-post-thumbnail wp-post-image\" alt=\"Pavet_publications_com_sociale.png\"><\/a><\/div><div class=\"entry-content\"><aside class=\"meta-row cat-row\"><div class=\"meta-col\"><ul class=\"post-categories\"><li><a href=\"https:\/\/www.cnra.sn\/do\/category\/communiques-de-presse\/\">Communiqu\u00e9s de presse<\/a><\/li><li><a href=\"https:\/\/www.cnra.sn\/do\/category\/publications\/annuel\/\">Rapport Annuel<\/a><\/li><\/ul><\/div><\/aside><h2 class=\"entry-title\"><a href=\"https:\/\/www.cnra.sn\/do\/le-cnra-et-le-renforcement-des-professionnels-de-la-communication-sociale\/\" title=\"Le CNRA et le renforcement des professionnels de la Communication sociale\">Le CNRA et le renforcement des professionnels de la Communication sociale<\/a><\/h2><p class=\"post-excerpt fs-\">Le Rapport que le CNRA vient de d\u00e9poser sur la table du Pr\u00e9sident de la R\u00e9publique couvre les ann\u00e9es 2018 &#8211; 2019. Le temps de sa&hellip;<\/p><aside class=\"meta-row row-3\"><div class=\"meta-col col-60\"><ul class=\"entry-meta\"><li class=\"post-time\"><span class=\"published-label\">Publi\u00e9: <\/span><span class=\"posted-on\"><time class=\"entry-date\" datetime=\"2020-07-20T14:50:37+01:00\">20 juillet 2020<span class=\"sep time-sep\"><\/span><span class=\"publish-time\">14 h 50 min<\/span><\/time><\/span><\/li><li class=\"post-author\"><span class=\"screen-reader-text\">Auteur <\/span><a href=\"https:\/\/www.cnra.sn\/do\/author\/admin\/\">admin<\/a><\/li><\/ul><\/div><div class=\"meta-col col-40 text-right\"><span class=\"post-views\">2726<\/span><\/div><\/aside><\/div>\r\n\t<\/article><!-- #post-1520 -->\r\n\r\n\t\t<article class=\"newsplus entry-grid col2 last-grid post-935 post type-post status-publish format-standard has-post-thumbnail hentry category-activites category-annuel\">\r\n\t\t<div class=\"post-thumb\"><a href=\"https:\/\/www.cnra.sn\/do\/remise-du-rapport-annuel-2014-du-cnra-discours-du-president-du-cnra\/\" title=\"Remise du rapport annuel 2014 du CNRA : Discours du Pr\u00e9sident du CNRA\"><img src=\"https:\/\/www.cnra.sn\/do\/wp-content\/uploads\/bfi_thumb\/Rapport2-66izfce2yntq9ddf928z1jye30bcp091q0t0kd9t5xs.jpg\" class=\"attachment-post-thumbnail wp-post-image\" alt=\"Rapport2.jpg\"><\/a><\/div><div class=\"entry-content\"><aside class=\"meta-row cat-row\"><div class=\"meta-col\"><ul class=\"post-categories\"><li><a href=\"https:\/\/www.cnra.sn\/do\/category\/activites\/\">Activit\u00e9s<\/a><\/li><li><a href=\"https:\/\/www.cnra.sn\/do\/category\/publications\/annuel\/\">Rapport Annuel<\/a><\/li><\/ul><\/div><\/aside><h2 class=\"entry-title\"><a href=\"https:\/\/www.cnra.sn\/do\/remise-du-rapport-annuel-2014-du-cnra-discours-du-president-du-cnra\/\" title=\"Remise du rapport annuel 2014 du CNRA : Discours du Pr\u00e9sident du CNRA\">Remise du rapport annuel 2014 du CNRA : Discours du Pr\u00e9sident du CNRA<\/a><\/h2><p class=\"post-excerpt fs-\">Monsieur le Pr\u00e9sident de la R\u00e9publique Monsieur le Premier Ministre Monsieur le Directeur de Cabinet du Pr\u00e9sident de la R\u00e9publique&hellip;<\/p><aside class=\"meta-row row-3\"><div class=\"meta-col col-60\"><ul class=\"entry-meta\"><li class=\"post-time\"><span class=\"published-label\">Publi\u00e9: <\/span><span class=\"posted-on\"><time class=\"entry-date\" datetime=\"2015-05-13T02:54:27+01:00\">13 mai 2015<span class=\"sep time-sep\"><\/span><span class=\"publish-time\">2 h 54 min<\/span><\/time><\/span><\/li><li class=\"post-author\"><span class=\"screen-reader-text\">Auteur <\/span><a href=\"https:\/\/www.cnra.sn\/do\/author\/admin\/\">admin<\/a><\/li><\/ul><\/div><div class=\"meta-col col-40 text-right\"><span class=\"post-views\">2591<\/span><\/div><\/aside><\/div>\r\n\t<\/article><!-- #post-935 -->\r\n\r\n\t\t<article class=\"newsplus entry-grid col2 first-grid post-893 post type-post status-publish format-standard hentry category-dossier category-annuel category-transition-numerique\">\r\n\t\t<div class=\"entry-content\"><aside class=\"meta-row cat-row\"><div class=\"meta-col\"><ul class=\"post-categories\"><li><a href=\"https:\/\/www.cnra.sn\/do\/category\/dossier\/\">Dossier<\/a><\/li><li><a href=\"https:\/\/www.cnra.sn\/do\/category\/publications\/annuel\/\">Rapport Annuel<\/a><\/li><li class=\"submenu-parent\"><a class=\"cat-toggle\" href=\"#\">+ 1 plus<\/a><ul class=\"cat-sub submenu\"><li><a href=\"https:\/\/www.cnra.sn\/do\/category\/dossier\/transition-numerique\/\">Transition num\u00e9rique<\/a><\/li><\/ul><\/li><\/ul><\/div><\/aside><h2 class=\"entry-title\"><a href=\"https:\/\/www.cnra.sn\/do\/installation-et-financement-de-la-technologie\/\" title=\"Mise en \u0153uvre de la technologie\">Mise en \u0153uvre de la technologie<\/a><\/h2><p class=\"post-excerpt fs-\">La Conf\u00e9rence r\u00e9gionale des radiocommunications de l\u2019Union internationale des T\u00e9l\u00e9communications a adopt\u00e9 le 16 juin 2006 \u00e0 Gen\u00e8ve&hellip;<\/p><aside class=\"meta-row row-3\"><div class=\"meta-col col-60\"><ul class=\"entry-meta\"><li class=\"post-time\"><span class=\"published-label\">Publi\u00e9: <\/span><span class=\"posted-on\"><time class=\"entry-date\" datetime=\"2015-04-23T12:43:14+01:00\">23 avril 2015<span class=\"sep time-sep\"><\/span><span class=\"publish-time\">12 h 43 min<\/span><\/time><\/span><\/li><li class=\"post-author\"><span class=\"screen-reader-text\">Auteur <\/span><a href=\"https:\/\/www.cnra.sn\/do\/author\/admin\/\">admin<\/a><\/li><\/ul><\/div><div class=\"meta-col col-40 text-right\"><span class=\"post-views\">2391<\/span><\/div><\/aside><\/div>\r\n\t<\/article><!-- #post-893 -->\r\n\r\n\t\t<article class=\"newsplus entry-grid col2 last-grid post-887 post type-post status-publish format-standard hentry category-activites category-atelier category-dossier category-publications category-annuel category-technologies category-transition-numerique\">\r\n\t\t<div class=\"entry-content\"><aside class=\"meta-row cat-row\"><div class=\"meta-col\"><ul class=\"post-categories\"><li><a href=\"https:\/\/www.cnra.sn\/do\/category\/activites\/\">Activit\u00e9s<\/a><\/li><li><a href=\"https:\/\/www.cnra.sn\/do\/category\/atelier\/\">Atelier<\/a><\/li><li class=\"submenu-parent\"><a class=\"cat-toggle\" href=\"#\">+ 5 plus<\/a><ul class=\"cat-sub submenu\"><li><a href=\"https:\/\/www.cnra.sn\/do\/category\/dossier\/\">Dossier<\/a><\/li><li><a href=\"https:\/\/www.cnra.sn\/do\/category\/publications\/\">Publications<\/a><\/li><li><a href=\"https:\/\/www.cnra.sn\/do\/category\/publications\/annuel\/\">Rapport Annuel<\/a><\/li><li><a href=\"https:\/\/www.cnra.sn\/do\/category\/dossier\/technologies\/\">Technologies<\/a><\/li><li><a href=\"https:\/\/www.cnra.sn\/do\/category\/dossier\/transition-numerique\/\">Transition num\u00e9rique<\/a><\/li><\/ul><\/li><\/ul><\/div><\/aside><h2 class=\"entry-title\"><a href=\"https:\/\/www.cnra.sn\/do\/atelier-national-sur-la-transition\/\" title=\"Atelier national sur la transition\">Atelier national sur la transition<\/a><\/h2><p class=\"post-excerpt fs-\">Harmonisation avec le cadre r\u00e9gional Le Conseil national de R\u00e9gulation de l\u2019Audiovisuel (CNRA) et l\u2019Union \u00e9conomique et mon\u00e9taire&hellip;<\/p><aside class=\"meta-row row-3\"><div class=\"meta-col col-60\"><ul class=\"entry-meta\"><li class=\"post-time\"><span class=\"published-label\">Publi\u00e9: <\/span><span class=\"posted-on\"><time class=\"entry-date\" datetime=\"2015-04-23T12:12:32+01:00\">23 avril 2015<span class=\"sep time-sep\"><\/span><span class=\"publish-time\">12 h 12 min<\/span><\/time><\/span><\/li><li class=\"post-author\"><span class=\"screen-reader-text\">Auteur <\/span><a href=\"https:\/\/www.cnra.sn\/do\/author\/admin\/\">admin<\/a><\/li><\/ul><\/div><div class=\"meta-col col-40 text-right\"><span class=\"post-views\">1594<\/span><\/div><\/aside><\/div>\r\n\t<\/article><!-- #post-887 -->\r\n\r\n\t\t<article class=\"newsplus entry-grid col2 first-grid post-882 post type-post status-publish format-standard has-post-thumbnail hentry category-activites category-publications category-annuel\">\r\n\t\t<div class=\"post-thumb\"><a href=\"https:\/\/www.cnra.sn\/do\/reguler-autrement\/\" title=\"R\u00e9guler autrement\"><img src=\"https:\/\/www.cnra.sn\/do\/wp-content\/uploads\/bfi_thumb\/VisuelRapport2013-6652b6hxh279fmdtgxosv3d43lbhtxpvbi30l69pjkg.jpg\" class=\"attachment-post-thumbnail wp-post-image\" alt=\"VisuelRapport2013.jpg\"><\/a><\/div><div class=\"entry-content\"><aside class=\"meta-row cat-row\"><div class=\"meta-col\"><ul class=\"post-categories\"><li><a href=\"https:\/\/www.cnra.sn\/do\/category\/activites\/\">Activit\u00e9s<\/a><\/li><li><a href=\"https:\/\/www.cnra.sn\/do\/category\/publications\/\">Publications<\/a><\/li><li class=\"submenu-parent\"><a class=\"cat-toggle\" href=\"#\">+ 1 plus<\/a><ul class=\"cat-sub submenu\"><li><a href=\"https:\/\/www.cnra.sn\/do\/category\/publications\/annuel\/\">Rapport Annuel<\/a><\/li><\/ul><\/li><\/ul><\/div><\/aside><h2 class=\"entry-title\"><a href=\"https:\/\/www.cnra.sn\/do\/reguler-autrement\/\" title=\"R\u00e9guler autrement\">R\u00e9guler autrement<\/a><\/h2><p class=\"post-excerpt fs-\">Notre actualit\u00e9 s\u2019enrichit, se diversifie et nous apostrophe. L\u2019ann\u00e9e audiovisuelle 2013 s\u2019est \u00e9coul\u00e9e embl\u00e9matique de&hellip;<\/p><aside class=\"meta-row row-3\"><div class=\"meta-col col-60\"><ul class=\"entry-meta\"><li class=\"post-time\"><span class=\"published-label\">Publi\u00e9: <\/span><span class=\"posted-on\"><time class=\"entry-date\" datetime=\"2015-04-14T07:53:56+01:00\">14 avril 2015<span class=\"sep time-sep\"><\/span><span class=\"publish-time\">7 h 53 min<\/span><\/time><\/span><\/li><li class=\"post-author\"><span class=\"screen-reader-text\">Auteur <\/span><a href=\"https:\/\/www.cnra.sn\/do\/author\/admin\/\">admin<\/a><\/li><\/ul><\/div><div class=\"meta-col col-40 text-right\"><span class=\"post-views\">2513<\/span><\/div><\/aside><\/div>\r\n\t<\/article><!-- #post-882 -->\r\n\r\n\t<\/div>\n","protected":false},"excerpt":{"rendered":"<p>Avis Trimestriels Rapport d&rsquo;activit\u00e9s En application de l&rsquo;article 13 la loi n\u00b0 2006-04 du 04 janvier 2006 portant cr\u00e9a\u00adtion du CNRA, article au terme duquel le CNRA produit un rapport sur ses activit\u00e9s au cours de l&rsquo;ann\u00e9e \u00e9coul\u00e9e, le pr\u00e9sent rapport dresse l&rsquo;essentiel des activit\u00e9s de l&rsquo;Organe de r\u00e9gulation chaque ann\u00e9e durant son exercice.<\/p>\n","protected":false},"author":1,"featured_media":0,"parent":0,"menu_order":54,"comment_status":"closed","ping_status":"closed","template":"","meta":{"_exactmetrics_skip_tracking":false,"_exactmetrics_sitenote_active":false,"_exactmetrics_sitenote_note":"","_exactmetrics_sitenote_category":0},"_links":{"self":[{"href":"https:\/\/www.cnra.sn\/do\/wp-json\/wp\/v2\/pages\/60"}],"collection":[{"href":"https:\/\/www.cnra.sn\/do\/wp-json\/wp\/v2\/pages"}],"about":[{"href":"https:\/\/www.cnra.sn\/do\/wp-json\/wp\/v2\/types\/page"}],"author":[{"embeddable":true,"href":"https:\/\/www.cnra.sn\/do\/wp-json\/wp\/v2\/users\/1"}],"replies":[{"embeddable":true,"href":"https:\/\/www.cnra.sn\/do\/wp-json\/wp\/v2\/comments?post=60"}],"version-history":[{"count":29,"href":"https:\/\/www.cnra.sn\/do\/wp-json\/wp\/v2\/pages\/60\/revisions"}],"predecessor-version":[{"id":447,"href":"https:\/\/www.cnra.sn\/do\/wp-json\/wp\/v2\/pages\/60\/revisions\/447"}],"wp:attachment":[{"href":"https:\/\/www.cnra.sn\/do\/wp-json\/wp\/v2\/media?parent=60"}],"curies":[{"name":"wp","href":"https:\/\/api.w.org\/{rel}","templated":true}]}}